{"id":114,"date":"2019-02-03T17:53:04","date_gmt":"2019-02-03T17:53:04","guid":{"rendered":"http:\/\/dados.iesp.uerj.br\/?page_id=114"},"modified":"2025-05-30T16:33:11","modified_gmt":"2025-05-30T16:33:11","slug":"equipe","status":"publish","type":"page","link":"https:\/\/dados.iesp.uerj.br\/es\/equipe\/","title":{"rendered":"Equipo"},"content":{"rendered":"<p>&nbsp;<\/p>\n<h4>Editor jefe<\/h4>\n<p><a href=\"http:\/\/www.iesp.uerj.br\/docentes\/luiz-augusto-campos\/\">Luiz Augusto Campos<\/a>, Instituto de Estudos Sociais e Pol\u00edticos da Universidade do Estado do Rio de Janeiro, Rio de Janeiro &#8211; Brasil: <a href=\"mailto:lascampos@iesp.uerj.br\">lascampos@iesp.uerj.br<\/a><\/p>\n<h4>Editor em\u00e9rito<\/h4>\n<p>Charles Pessanha (in memoriam), Universidade Federal do Rio de Janeiro, Rio de Janeiro &#8211; Brasil: <a rel=\"noopener\">cpessanha@iesp.uerj.br<\/a><\/p>\n<h4>Editor Adjunta<\/h4>\n<p>Marcia Rangel Candido, Centro de Investigaci\u00f3n y Estudios de Sociolog\u00eda del Instituto Universitario de Lisboa (CIES-Iscte), Lisboa &#8211; Portugal: <a rel=\"noopener\">marcia.candido@iscte-iul.pt<\/a><\/p>\n<h4>Editor de replicabilidad<\/h4>\n<p><a href=\"http:\/\/lattes.cnpq.br\/9571650216784483\">Bruno Marques Schaefer<\/a>, Instituto de Estudos Sociais e Pol\u00edticos da Universidade do Estado do Rio de Janeiro, Rio de Janeiro &#8211; Brasil: <a href=\"mailto:brunoschaefer@iesp.uerj.br\">brunoschaefer@iesp.uerj.br<\/a><\/p>\n<h3><span style=\"font-size: 1rem; font-weight: 800;\">Editores(as) Asociados(as)<\/span><\/h3>\n<p><a href=\"http:\/\/www.iesp.uerj.br\/docentes\/adalberto-moreira-cardoso\/\">Adalberto Cardoso<\/a>, Instituto de Estudos Sociais e Pol\u00edticos da Universidade do Estado do Rio de Janeiro, Rio de Janeiro &#8211; Brasil: <a href=\"mailto:acardoso@iesp.uerj.br\" target=\"_blank\" rel=\"noopener\">acardoso@iesp.uerj.br<\/a><\/p>\n<p><a href=\"https:\/\/iesp.uerj.br\/pesquisador\/ana-paula-balthazar-tostes\/\">Ana Paula Tostes<\/a>, Instituto de Estudos Sociais e Pol\u00edticos da Universidade do Estado do Rio de Janeiro, Rio de Janeiro \u2013 Brasil: <a class=\"mail\" href=\"mailto:anapaulatostes@iesp.uerj.br\">anapaulatostes@iesp.uerj.br<\/a><\/p>\n<p><a href=\"https:\/\/iesp.uerj.br\/pesquisador\/jose-eduardo-leon-szwako\/\">Jos\u00e9 Eduardo Leon Szwako<\/a>, Instituto de Estudos Sociais e Pol\u00edticos da Universidade do Estado do Rio de Janeiro, Rio de Janeiro &#8211; Brasil: <a href=\"mailto:zeszwako@iesp.uerj.br\">zeszwako@iesp.uerj.br<\/a><\/p>\n<p><a href=\"https:\/\/iesp.uerj.br\/pesquisador\/paulo-henrique-paschoeto-cassimiro-2\/\">Paulo Henrique Paschoeto Cassimiro<\/a>, Instituto de Estudos Sociais e Pol\u00edticos da Universidade do Estado do Rio de Janeiro, Rio de Janeiro \u2013 Brasil: <a class=\"mail\" href=\"pcassimiro@iesp.uerj.br\">pcassimiro@iesp.uerj.br<\/a><\/p>\n<h4>Consejo de Redacci\u00f3n<\/h4>\n<div class=\"flex max-w-full flex-col flex-grow\">\n<div class=\"min-h-8 text-message flex w-full flex-col items-end gap-2 whitespace-normal break-words text-start [.text-message+&amp;]:mt-5\" dir=\"auto\" data-message-author-role=\"assistant\" data-message-id=\"66d7df6a-c0bf-41a9-b37d-760db9677172\" data-message-model-slug=\"gpt-4o\">\n<div class=\"flex w-full flex-col gap-1 empty:hidden first:pt-[3px]\">\n<div class=\"markdown prose w-full break-words dark:prose-invert light\">\n<p>Se re\u00fane mensualmente y cuenta con la participaci\u00f3n del editor, del editor em\u00e9rito y de los editores asociados.<\/p>\n<\/div>\n<\/div>\n<\/div>\n<\/div>\n<h4>Conselho Editorial<\/h4>\n<ul>\n<li>Ana Mar\u00eda Mustapic, Universidad Torcuato di Tella, Buenos Aires \u2013 Argentina<\/li>\n<li>Ant\u00f4nio Oct\u00e1vio Cintra, C\u00e2mara dos Deputados, Bras\u00edlia \u2013 DF \u2013 Brasil<\/li>\n<li>Ant\u00f4nio S\u00e9rgio Guimar\u00e3es, Universidade de S\u00e3o Paulo, S\u00e3o Paulo \u2013 SP \u2013 Brasil<\/li>\n<li>Edmond Preteceille, Sciences Po, Paris \u2013 Fran\u00e7a<\/li>\n<li>Eli Diniz, Universidade Federal do Rio de Janeiro, Rio de Janeiro \u2013 RJ \u2013 Brasil<\/li>\n<li>Elisa Pereira Reis, Universidade Federal do Rio de Janeiro, Rio de Janeiro \u2013 RJ \u2013 Brasil<\/li>\n<li>El\u00edsio Macamo, Universit\u00e4t Basel, Basileia \u2013 Su\u00ed\u00e7a<\/li>\n<li>Enrique Garza de Toledo, Universidad Aut\u00f3noma Metropolitana, cidade do M\u00e9xico, DF \u2013M\u00e9xico<\/li>\n<li>F\u00e1bio Wanderley Reis, Universidade Federal de Minas Gerais, Belo Horizonte, MG \u2013 Brasil<\/li>\n<li>Fernando Limongi, Universidade de S\u00e3o Paulo, S\u00e3o Paulo, SP, Brasil<\/li>\n<li>H\u00e9lgio Trindade, Universidade Federal do Rio Grande do Sul, Porto Alegre, RS \u2013 Brasil<\/li>\n<li>Ilse Scherer-Warren, Universidade Federal de Santa Catarina, Paran\u00e1, SC \u2013 Brasil<\/li>\n<li>Jos\u00e9 Murilo de Carvalho, Universidade Federal do Rio de Janeiro, Rio de Janeiro, RJ \u2013 Brasil<\/li>\n<li>Leonardo Avritzer, Universidade Federal de Minas Gerais, Belo Horizonte, MG \u2013 Brasil<\/li>\n<li>Luiz Carlos Bresser-Pereira, Funda\u00e7\u00e3o Getulio Vargas, S\u00e3o Paulo, SP \u2013 Brasil<\/li>\n<li>Mariana Llanos, German Institute of Global and Area Studies, Hamburgo \u2013 Alemanha<\/li>\n<li>Mario Brockmann Machado, Funda\u00e7\u00e3o Getulio Vargas, Rio de Janeiro, RJ \u2013 Brasil<\/li>\n<li>Ot\u00e1vio Velho, Universidade Federal do Rio de Janeiro, Rio de Janeiro, RJ \u2013 Brasil<\/li>\n<li>Peter Wagner, Universitat de Barcelona, Barcelona \u2013 Espanha<\/li>\n<li>Philipe Schmitter, European Universitary Institute, Floren\u00e7a \u2013 It\u00e1lia<\/li>\n<li>Renato Ortiz, Universidade Estadual de Campinas, Campinas, SP \u2013 Brasil<\/li>\n<li>Roberto DaMatta, Pontif\u00edcia Universidade Cat\u00f3lica do Rio de Janeiro, RJ \u2013 Brasil<\/li>\n<li>Simon Schwartzman, Instituto de Estudos do Trabalho e Sociedade, Rio de Janeiro, RJ \u2013 Brasil<\/li>\n<li>Timothy Power, University of Oxford, Oxford \u2013 Reino Unido<\/li>\n<\/ul>\n<p>&nbsp;<\/p>\n<h4>Consejo Consultivo \/ Evaluadores ad hoc<\/h4>\n<p>El Consejo Consultivo asiste a los editores en la toma de decisiones sobre los art\u00edculos recibidos. Aunque es una funci\u00f3n ad hoc, gran parte de los evaluadores colaboran de manera permanente con Dados, emitiendo, en algunos casos, incluso varios dict\u00e1menes al a\u00f1o. En los \u00faltimos cinco a\u00f1os, se ha incrementado significativamente el n\u00famero de evaluadores de la revista, incluidos los revisores extranjeros.<\/p>\n<p>&nbsp;<\/p>\n<div class=\"flex max-w-full flex-col flex-grow\">\n<div class=\"min-h-8 text-message flex w-full flex-col items-end gap-2 whitespace-normal break-words text-start [.text-message+&amp;]:mt-5\" dir=\"auto\" data-message-author-role=\"assistant\" data-message-id=\"87d86bd5-df43-4ee1-a714-db15a3584203\" data-message-model-slug=\"gpt-4o\">\n<div class=\"flex w-full flex-col gap-1 empty:hidden first:pt-[3px]\">\n<div class=\"markdown prose w-full break-words dark:prose-invert light\">\n<p><strong>Redacci\u00f3n y Producci\u00f3n Editorial<\/strong><\/p>\n<p><strong>Secretaria<\/strong><br \/>\nMarina Bezerra<\/p>\n<p><strong>Asistente de redacci\u00f3n<\/strong><br \/>\nMurilo Gomes da Costa<\/p>\n<p><strong>Asistente de bases de datos<\/strong><br \/>\nCarlos Freitas<\/p>\n<p><strong>Asistentes de divulgaci\u00f3n cient\u00edfica<\/strong><br \/>\nDaniela Lisb\u00f4a y Giovanna Monteiro-Macedo<\/p>\n<p><strong>Posrevisi\u00f3n y producci\u00f3n<\/strong><br \/>\nClaucia Boccia y Hellen de Oliveira<\/p>\n<p><strong>Revisi\u00f3n de textos<\/strong><br \/>\nAndr\u00e9s Londo\u00f1o, Cristiane Duarte, Elisabeth Lissovsky, Jun Shimada, Luna Sassara, Marcelo Borel, Maria Ca\u00fa y Renato Pardal<\/p>\n<p><strong>Traducci\u00f3n<\/strong><br \/>\nAndr\u00e9s Londo\u00f1o (espa\u00f1ol), Jun Shimada (ingl\u00e9s), Maria Ca\u00fa (ingl\u00e9s) y Renato Pardal (franc\u00e9s)<\/p>\n<p><strong>Edici\u00f3n digital y dise\u00f1o gr\u00e1fico<\/strong><br \/>\nEmilio Biscardi<\/p>\n<p>&nbsp;<\/p>\n<\/div>\n<\/div>\n<\/div>\n<\/div>\n<p>&nbsp;<\/p>\n<h4>Desarrollo del sitio web<\/h4>\n<p>Raul Nunes y Andr\u00e9 Felix<\/p>","protected":false},"excerpt":{"rendered":"<p>&nbsp; Editor jefe Luiz Augusto Campos, Instituto de Estudos Sociais e Pol\u00edticos da Universidade do Estado do Rio de Janeiro, Rio de Janeiro &#8211; Brasil: lascampos@iesp.uerj.br Editor em\u00e9rito Charles Pessanha (in memoriam), Universidade Federal do Rio de Janeiro, Rio de Janeiro &#8211; Brasil: cpessanha@iesp.uerj.br Editor Adjunta Marcia Rangel Candido, Centro de Investigaci\u00f3n y Estudios de [&hellip;]<\/p>\n","protected":false},"author":1,"featured_media":0,"parent":0,"menu_order":0,"comment_status":"closed","ping_status":"closed","template":"","meta":{"_monsterinsights_skip_tracking":false,"_monsterinsights_sitenote_active":false,"_monsterinsights_sitenote_note":"","_monsterinsights_sitenote_category":0},"categories":[],"tags":[],"_links":{"self":[{"href":"https:\/\/dados.iesp.uerj.br\/es\/wp-json\/wp\/v2\/pages\/114"}],"collection":[{"href":"https:\/\/dados.iesp.uerj.br\/es\/wp-json\/wp\/v2\/pages"}],"about":[{"href":"https:\/\/dados.iesp.uerj.br\/es\/wp-json\/wp\/v2\/types\/page"}],"author":[{"embeddable":true,"href":"https:\/\/dados.iesp.uerj.br\/es\/wp-json\/wp\/v2\/users\/1"}],"replies":[{"embeddable":true,"href":"https:\/\/dados.iesp.uerj.br\/es\/wp-json\/wp\/v2\/comments?post=114"}],"version-history":[{"count":51,"href":"https:\/\/dados.iesp.uerj.br\/es\/wp-json\/wp\/v2\/pages\/114\/revisions"}],"predecessor-version":[{"id":2751,"href":"https:\/\/dados.iesp.uerj.br\/es\/wp-json\/wp\/v2\/pages\/114\/revisions\/2751"}],"wp:attachment":[{"href":"https:\/\/dados.iesp.uerj.br\/es\/wp-json\/wp\/v2\/media?parent=114"}],"wp:term":[{"taxonomy":"category","embeddable":true,"href":"https:\/\/dados.iesp.uerj.br\/es\/wp-json\/wp\/v2\/categories?post=114"},{"taxonomy":"post_tag","embeddable":true,"href":"https:\/\/dados.iesp.uerj.br\/es\/wp-json\/wp\/v2\/tags?post=114"}],"curies":[{"name":"wp","href":"https:\/\/api.w.org\/{rel}","templated":true}]}}